{"id":19,"date":"2023-01-12T12:45:36","date_gmt":"2023-01-12T12:45:36","guid":{"rendered":"http:\/\/test.ferienwohnung-bantin.de\/?page_id=19"},"modified":"2023-03-22T19:41:42","modified_gmt":"2023-03-22T19:41:42","slug":"ferienhaus-neu-guelze","status":"publish","type":"page","link":"https:\/\/ferienwohnung-bantin.de\/?page_id=19","title":{"rendered":"Ferienhaus Neu G\u00fclze"},"content":{"rendered":"\n<p>Die Wohnung in Neu G\u00fclze bietet Ihnen in 2 Zimmern auf 60 m\u00b2 &#8211; mit separater K\u00fcche, Flur, Tageslichtbad, Zentralheizung und Terrasse &#8211; einen angenehm gro\u00dfz\u00fcgigen Wohnkomfort auf 2 Etagen. <\/p>\n\n\n\n<figure class=\"wp-block-image size-full\"><img loading=\"lazy\" decoding=\"async\" width=\"1024\" height=\"619\" src=\"https:\/\/ferienwohnung-bantin.de\/wp-content\/uploads\/2023\/01\/Datei_003-1-1024x619-1.jpeg\" alt=\"\" class=\"wp-image-57\" srcset=\"https:\/\/ferienwohnung-bantin.de\/wp-content\/uploads\/2023\/01\/Datei_003-1-1024x619-1.jpeg 1024w, https:\/\/ferienwohnung-bantin.de\/wp-content\/uploads\/2023\/01\/Datei_003-1-1024x619-1-300x181.jpeg 300w, https:\/\/ferienwohnung-bantin.de\/wp-content\/uploads\/2023\/01\/Datei_003-1-1024x619-1-768x464.jpeg 768w\" sizes=\"(max-width: 1024px) 100vw, 1024px\" \/><\/figure>\n\n\n\n<p>In unserer <a href=\"https:\/\/ferienwohnung-bantin.de\/?page_id=62\" data-type=\"page\" data-id=\"62\">kleinen Fotogalerie<\/a> k\u00f6nnen Sie sich gerne vorab ein Bild machen.<\/p>\n\n\n\n<p>Im Erdgeschoss befindet sich der ger\u00e4umige Wohnraum in gem\u00fctlicher Fachwerkausstattung mit einer Sitzgruppe, die sich schnell zu 2 Betten umfunktionieren l\u00e4sst. Au\u00dferdem liegen im Erdgeschoss die separate K\u00fcche mit Esstisch. Zur K\u00fcchenausstattung geh\u00f6rt ein Herd mit Backofen, Wasserkocher, Toaster, Kaffeemaschine, Mikrowelle und K\u00fchlschrank mit Gefrierfach. <\/p>\n\n\n\n<figure class=\"wp-block-image size-full\"><img loading=\"lazy\" decoding=\"async\" width=\"1000\" height=\"400\" src=\"https:\/\/ferienwohnung-bantin.de\/wp-content\/uploads\/2023\/01\/FeWo2022-003-1000x400-1.jpg\" alt=\"\" class=\"wp-image-59\" srcset=\"https:\/\/ferienwohnung-bantin.de\/wp-content\/uploads\/2023\/01\/FeWo2022-003-1000x400-1.jpg 1000w, https:\/\/ferienwohnung-bantin.de\/wp-content\/uploads\/2023\/01\/FeWo2022-003-1000x400-1-300x120.jpg 300w, https:\/\/ferienwohnung-bantin.de\/wp-content\/uploads\/2023\/01\/FeWo2022-003-1000x400-1-768x307.jpg 768w\" sizes=\"(max-width: 1000px) 100vw, 1000px\" \/><\/figure>\n\n\n\n<p>Das Duschbad mit WC befindet sich ebenfalls im Erdgescho\u00df. Im 1. Obergeschoss befinden sich das Schlafzimmer mit Doppelbett (welches auch als 2 Einzelbetten stellbar ist) mit Einbau-Kleiderschrank und M\u00f6glichkeit ein Kinderbett zu stellen. <strong>Bitte haben Sie Verst\u00e4ndnis daf\u00fcr, dass dies eine Nichtraucherwohnung ist.&nbsp;Selbstverst\u00e4ndlich ist das Rauchen auf der Terrasse gestattet!<\/strong><\/p>\n\n\n\n<figure class=\"wp-block-image size-large\"><img loading=\"lazy\" decoding=\"async\" width=\"1024\" height=\"359\" src=\"https:\/\/ferienwohnung-bantin.de\/wp-content\/uploads\/2023\/01\/cropped-FeWo2022-002-1-1-1024x359.jpg\" alt=\"\" class=\"wp-image-60\" srcset=\"https:\/\/ferienwohnung-bantin.de\/wp-content\/uploads\/2023\/01\/cropped-FeWo2022-002-1-1-1024x359.jpg 1024w, https:\/\/ferienwohnung-bantin.de\/wp-content\/uploads\/2023\/01\/cropped-FeWo2022-002-1-1-300x105.jpg 300w, https:\/\/ferienwohnung-bantin.de\/wp-content\/uploads\/2023\/01\/cropped-FeWo2022-002-1-1-768x269.jpg 768w, https:\/\/ferienwohnung-bantin.de\/wp-content\/uploads\/2023\/01\/cropped-FeWo2022-002-1-1.jpg 1140w\" sizes=\"(max-width: 1024px) 100vw, 1024px\" \/><\/figure>\n","protected":false},"excerpt":{"rendered":"<p>Die Wohnung in Neu G\u00fclze bietet Ihnen in 2 Zimmern auf 60 m\u00b2 &#8211; mit separater K\u00fcche, Flur, Tageslichtbad, Zentralheizung und Terrasse &#8211; einen angenehm gro\u00dfz\u00fcgigen Wohnkomfort auf 2 Etagen. In unserer kleinen Fotogalerie k\u00f6nnen Sie sich gerne vorab ein Bild machen. Im Erdgeschoss befindet sich der ger\u00e4umige Wohnraum in gem\u00fctlicher Fachwerkausstattung mit einer Sitzgruppe,<\/p>\n","protected":false},"author":1,"featured_media":0,"parent":0,"menu_order":0,"comment_status":"closed","ping_status":"closed","template":"","meta":{"footnotes":""},"_links":{"self":[{"href":"https:\/\/ferienwohnung-bantin.de\/index.php?rest_route=\/wp\/v2\/pages\/19"}],"collection":[{"href":"https:\/\/ferienwohnung-bantin.de\/index.php?rest_route=\/wp\/v2\/pages"}],"about":[{"href":"https:\/\/ferienwohnung-bantin.de\/index.php?rest_route=\/wp\/v2\/types\/page"}],"author":[{"embeddable":true,"href":"https:\/\/ferienwohnung-bantin.de\/index.php?rest_route=\/wp\/v2\/users\/1"}],"replies":[{"embeddable":true,"href":"https:\/\/ferienwohnung-bantin.de\/index.php?rest_route=%2Fwp%2Fv2%2Fcomments&post=19"}],"version-history":[{"count":7,"href":"https:\/\/ferienwohnung-bantin.de\/index.php?rest_route=\/wp\/v2\/pages\/19\/revisions"}],"predecessor-version":[{"id":138,"href":"https:\/\/ferienwohnung-bantin.de\/index.php?rest_route=\/wp\/v2\/pages\/19\/revisions\/138"}],"wp:attachment":[{"href":"https:\/\/ferienwohnung-bantin.de\/index.php?rest_route=%2Fwp%2Fv2%2Fmedia&parent=19"}],"curies":[{"name":"wp","href":"https:\/\/api.w.org\/{rel}","templated":true}]}}